{"id":33,"date":"2021-03-08T17:34:27","date_gmt":"2021-03-08T17:34:27","guid":{"rendered":"http:\/\/www.d-eye.cz\/domains\/d-eye.cz\/?page_id=33"},"modified":"2025-03-17T09:06:21","modified_gmt":"2025-03-17T08:06:21","slug":"o-nas","status":"publish","type":"page","link":"https:\/\/www.d-eye.cz\/domains\/d-eye.cz\/","title":{"rendered":"O n\u00e1s"},"content":{"rendered":"\n<h2 class=\"wp-block-heading\"><strong>Spole\u010dnost d-eye czechia, s.r.o.<\/strong><\/h2>\n\n\n\n<p>je dodavatelem \u0159e\u0161en\u00ed a slu\u017eeb v oblasti datov\u00e9ho managementu a bezpe\u010dnosti dat v\u010detn\u011b implementace ochrany osobn\u00edch \u00fadaj\u016f do prost\u0159ed\u00ed organizace spr\u00e1vce \u010di zpracovatele osobn\u00edch \u00fadaj\u016f.<\/p>\n\n\n\n<p>V neposledn\u00ed \u0159ad\u011b poskytuje tak\u00e9 poradenstv\u00ed a \u0161kolen\u00ed v oblasti zad\u00e1v\u00e1n\u00ed ve\u0159ejn\u00fdch zak\u00e1zek.<\/p>\n\n\n\n<p>Disponujeme zku\u0161en\u00fdm t\u00fdmem analytik\u016f, datov\u00fdch mana\u017eer\u016f, bezpe\u010dnostn\u00edch mana\u017eer\u016f, pov\u011b\u0159enc\u016f pro ochranu osobn\u00edch \u00fadaj\u016f, konzultant\u016f a \u0161kolitel\u016f s dlouholetou prax\u00ed jak v komer\u010dn\u00ed sf\u00e9\u0159e, tak i ve st\u00e1tn\u00ed a ve\u0159ejn\u00e9 spr\u00e1v\u011b<\/p>\n\n\n\n<div class=\"wp-block-columns is-layout-flex wp-container-core-columns-is-layout-1 wp-block-columns-is-layout-flex\">\n<div class=\"wp-block-column is-layout-flow wp-block-column-is-layout-flow\" style=\"flex-basis:66.66%\">\n<p class=\"has-text-align-left\">V&nbsp;souladu s&nbsp;platnou legislativou a s bezpe\u010dnostn\u00edmi standardy (p\u0159edev\u0161\u00edm \u0159ady ISO\/IEC 27000) prov\u00e1d\u00ed GAP anal\u00fdzy aktu\u00e1ln\u00edho stavu kybernetick\u00e9 a informa\u010dn\u00ed bezpe\u010dnosti pro organizace st\u00e1tn\u00ed a ve\u0159ejn\u00e9 spr\u00e1vy a pro subjekty komer\u010dn\u00ed sf\u00e9ry v\u010detn\u011b identifikace, anal\u00fdzy, hodnocen\u00ed a prioritizace rizik s n\u00e1sledn\u00fdm definov\u00e1n\u00edm n\u00e1vrh\u016f opat\u0159en\u00ed k&nbsp;jejich mitigaci.<\/p>\n\n\n\n<p>Je dodavatelem n\u00e1vrh\u016f bezpe\u010dnostn\u00edch \u0159e\u0161en\u00ed a slu\u017eeb v oblasti kybernetick\u00e9 a informa\u010dn\u00ed bezpe\u010dnost (pr\u00e1vn\u00ed, organiza\u010dn\u00ed, technick\u00e9 a vzd\u011bl\u00e1vac\u00ed prost\u0159edky) sm\u011b\u0159uj\u00edc\u00ed k zaji\u0161t\u011bn\u00ed ochrany kybernetick\u00e9ho prostoru v&nbsp;prost\u0159ed\u00ed organizace, k efektivn\u00ed ochran\u011b syst\u00e9m\u016f p\u0159ed \u00fatoky, k identifikaci a \u0159e\u0161en\u00ed bezpe\u010dnostn\u00edch incident\u016f.<\/p>\n\n\n\n<p>Prost\u0159ednictv\u00edm certifikovan\u00fdch pracovn\u00edk\u016f prov\u00e1d\u00ed audity kybernetick\u00e9 bezpe\u010dnosti v organizaci, p\u0159\u00edpravu organizace na proveden\u00ed auditu nebo na certifikaci organizace dle ISO\/IEC 2701.<\/p>\n\n\n\n<p>Poskytuje slu\u017eby zpracov\u00e1n\u00ed bezpe\u010dnostn\u00ed dokumentace v\u010detn\u011b bezpe\u010dnostn\u00edch politik organizace a slu\u017eby ke zvy\u0161ov\u00e1n\u00ed \u00farovn\u011b bezpe\u010dnostn\u00edho pov\u011bdom\u00ed v&nbsp;organizaci vzd\u011bl\u00e1v\u00e1n\u00edm zam\u011bstnanc\u016f o aktu\u00e1ln\u00edch kybernetick\u00fdch hrozb\u00e1ch, bezpe\u010dnostn\u00edch praktik\u00e1ch a spr\u00e1vn\u00e9m zach\u00e1zen\u00ed s citliv\u00fdmi informacemi formou e-learningu, interaktivn\u00edch semin\u00e1\u0159\u016f nebo praktick\u00fdch cvi\u010den\u00ed v\u010detn\u011b monitoringu efektivity prov\u00e1d\u011bn\u00fdch \u0161kolen\u00ed.<\/p>\n\n\n\n<p>Poskytuje slu\u017eby, v\u010detn\u011b poradensk\u00fdch, k&nbsp;zaji\u0161t\u011bn\u00ed bezpe\u010dnosti dat v\u010detn\u011b implementace ochrany osobn\u00edch \u00fadaj\u016f do prost\u0159ed\u00ed organizace spr\u00e1vce \u010di zpracovatele a slu\u017eby datov\u00e9ho managementu.<\/p>\n\n\n\n<p>Poskytuje slu\u017eby pov\u011b\u0159ence pro ochranu osobn\u00edch \u00fadaj\u016f.<\/p>\n\n\n\n<p class=\"has-text-align-left\">Disponujeme zku\u0161en\u00fdm t\u00fdmem certifikovan\u00fdch auditor\u016f kybernetick\u00e9 bezpe\u010dnosti, analytik\u016f, datov\u00fdch mana\u017eer\u016f, bezpe\u010dnostn\u00edch mana\u017eer\u016f, konzultant\u016f a \u0161kolitel\u016f s dlouholetou prax\u00ed jak v komer\u010dn\u00ed sf\u00e9\u0159e, tak i ve st\u00e1tn\u00ed a ve\u0159ejn\u00e9 spr\u00e1v\u011b.<\/p>\n<\/div>\n\n\n\n<div class=\"wp-block-column is-layout-flow wp-block-column-is-layout-flow\" style=\"flex-basis:33.33%\">\n<figure class=\"wp-block-gallery has-nested-images columns-default is-cropped wp-block-gallery-1 is-layout-flex wp-block-gallery-is-layout-flex\">\n<figure class=\"wp-block-image size-large\"><img loading=\"lazy\" decoding=\"async\" width=\"1024\" height=\"681\" src=\"https:\/\/www.d-eye.cz\/domains\/d-eye.cz\/wp-content\/uploads\/2021\/03\/pexels-fernando-arcos-211151-1024x681.jpg\" alt=\"\" class=\"wp-image-15\" srcset=\"https:\/\/www.d-eye.cz\/domains\/d-eye.cz\/wp-content\/uploads\/2021\/03\/pexels-fernando-arcos-211151-1024x681.jpg 1024w, https:\/\/www.d-eye.cz\/domains\/d-eye.cz\/wp-content\/uploads\/2021\/03\/pexels-fernando-arcos-211151-300x199.jpg 300w, https:\/\/www.d-eye.cz\/domains\/d-eye.cz\/wp-content\/uploads\/2021\/03\/pexels-fernando-arcos-211151-768x511.jpg 768w, https:\/\/www.d-eye.cz\/domains\/d-eye.cz\/wp-content\/uploads\/2021\/03\/pexels-fernando-arcos-211151-1536x1021.jpg 1536w, https:\/\/www.d-eye.cz\/domains\/d-eye.cz\/wp-content\/uploads\/2021\/03\/pexels-fernando-arcos-211151-2048x1362.jpg 2048w\" sizes=\"auto, (max-width: 1024px) 100vw, 1024px\" \/><\/figure>\n<\/figure>\n\n\n\n<p class=\"has-text-align-center\"><strong><em>\u201cDohl\u00ed\u017e\u00edme na va\u0161e data\u201d<\/em><\/strong><\/p>\n<\/div>\n<\/div>\n\n\n\n<div style=\"height:34px\" aria-hidden=\"true\" class=\"wp-block-spacer\"><\/div>\n\n\n\n<p class=\"has-text-align-center\"><strong>Veden\u00ed spole\u010dnosti<\/strong><\/p>\n\n\n\n<div class=\"wp-block-columns is-layout-flex wp-container-core-columns-is-layout-2 wp-block-columns-is-layout-flex\">\n<div class=\"wp-block-column is-layout-flow wp-block-column-is-layout-flow\" style=\"flex-basis:33.33%\"><div class=\"wp-block-image\">\n<figure class=\"aligncenter size-large\"><img loading=\"lazy\" decoding=\"async\" width=\"793\" height=\"595\" src=\"http:\/\/www.d-eye.cz\/domains\/d-eye.cz\/wp-content\/uploads\/2021\/03\/Rabek-foto-2-edited-1.jpg\" alt=\"\" class=\"wp-image-116\" srcset=\"https:\/\/www.d-eye.cz\/domains\/d-eye.cz\/wp-content\/uploads\/2021\/03\/Rabek-foto-2-edited-1.jpg 793w, https:\/\/www.d-eye.cz\/domains\/d-eye.cz\/wp-content\/uploads\/2021\/03\/Rabek-foto-2-edited-1-300x225.jpg 300w, https:\/\/www.d-eye.cz\/domains\/d-eye.cz\/wp-content\/uploads\/2021\/03\/Rabek-foto-2-edited-1-768x576.jpg 768w\" sizes=\"auto, (max-width: 793px) 100vw, 793px\" \/><figcaption class=\"wp-element-caption\"><strong>Ing. Roman R\u00e1bek<\/strong><\/figcaption><\/figure><\/div>\n\n\n<p class=\"has-text-align-center\"><\/p>\n<\/div>\n\n\n\n<div class=\"wp-block-column is-layout-flow wp-block-column-is-layout-flow\" style=\"flex-basis:66.66%\">\n<p>Je specialistou pro oblast kybernetick\u00e9 bezpe\u010dnosti, ochrany osobn\u00edch \u00fadaj\u016f, \u0159\u00edzen\u00ed projekt\u016f a syst\u00e9my ve\u0159ejn\u00fdch zak\u00e1zek.<\/p>\n\n\n\n<p>Ve spole\u010dnosti d-eye czechia s.r.o. pracuje na pozici Projektov\u00fd a Bezpe\u010dnostn\u00ed mana\u017eer, Auditor kybernetick\u00e9 bezpe\u010dnost\u00ed, Mana\u017eer kybernetick\u00e9 bezpe\u010dnosti a Pov\u011b\u0159enec pro ochranu osobn\u00edch \u00fadaj\u016f.<\/p>\n\n\n\n<p>Je P\u0159edsedou V\u00fdboru Komory pov\u011b\u0159enc\u016f pro ochranu osobn\u00edch \u00fadaj\u016f.<\/p>\n\n\n\n<p>M\u00e1 zku\u0161enosti v prov\u00e1d\u011bn\u00ed audit\u016f kybernetick\u00e9 bezpe\u010dnosti v&nbsp;\u010cR a SK, v&nbsp;oblasti tvorby bezpe\u010dnostn\u00ed dokumentace ke kybernetick\u00e9 a informa\u010dn\u00ed bezpe\u010dnosti, v&nbsp;oblasti architektury, v\u00fdvoje a bezpe\u010dnosti rozs\u00e1hl\u00fdch informa\u010dn\u00edch syst\u00e9m\u016f v\u010detn\u011b syst\u00e9m\u016f nakl\u00e1daj\u00edc\u00edch s utajovan\u00fdmi informacemi, v&nbsp;oblasti zvy\u0161ov\u00e1n\u00ed \u00farovn\u011b bezpe\u010dnostn\u00edho pov\u011bdom\u00ed v&nbsp;organizaci. &nbsp;<\/p>\n\n\n\n<p>Ve sv\u00e9 praxi se pod\u00edlel na v\u00fdvoji a implementaci modern\u00edch \u0161kolic\u00edch metod, na v\u00fdvoji a realizaci v\u00edce ne\u017e deseti projekt\u016f s celost\u00e1tn\u00ed p\u016fsobnost\u00ed a rozsahem, v\u010detn\u011b \u0161kolen\u00ed u\u017eivatel\u016f a dal\u0161\u00edch syst\u00e9mov\u00fdch rol\u00ed.<\/p>\n<\/div>\n<\/div>\n\n\n\n<div style=\"height:44px\" aria-hidden=\"true\" class=\"wp-block-spacer\"><\/div>\n\n\n\n<div class=\"wp-block-columns is-layout-flex wp-container-core-columns-is-layout-3 wp-block-columns-is-layout-flex\">\n<div class=\"wp-block-column is-layout-flow wp-block-column-is-layout-flow\" style=\"flex-basis:33.33%\">\n<figure class=\"wp-block-image size-large\"><img loading=\"lazy\" decoding=\"async\" width=\"881\" height=\"661\" src=\"http:\/\/www.d-eye.cz\/domains\/d-eye.cz\/wp-content\/uploads\/2021\/03\/Hlouskova-foto-2-edited.jpg\" alt=\"\" class=\"wp-image-117\" srcset=\"https:\/\/www.d-eye.cz\/domains\/d-eye.cz\/wp-content\/uploads\/2021\/03\/Hlouskova-foto-2-edited.jpg 881w, https:\/\/www.d-eye.cz\/domains\/d-eye.cz\/wp-content\/uploads\/2021\/03\/Hlouskova-foto-2-edited-300x225.jpg 300w, https:\/\/www.d-eye.cz\/domains\/d-eye.cz\/wp-content\/uploads\/2021\/03\/Hlouskova-foto-2-edited-768x576.jpg 768w\" sizes=\"auto, (max-width: 881px) 100vw, 881px\" \/><figcaption class=\"wp-element-caption\"><strong>Mgr. Vladim\u00edra Hlou\u0161kov\u00e1<\/strong><\/figcaption><\/figure>\n<\/div>\n\n\n\n<div class=\"wp-block-column is-layout-flow wp-block-column-is-layout-flow\" style=\"flex-basis:66.66%\">\n<p>Je specialistou pro oblast datov\u00e9ho managementu, kybernetick\u00e9 bezpe\u010dnosti a ochrany osobn\u00edch \u00fadaj\u016f.<\/p>\n\n\n\n<p>Ve spole\u010dnosti d-eye czechia s.r.o. pracuje na pozici datov\u00fd mana\u017eer, Pov\u011b\u0159enec pro ochranu osobn\u00edch \u00fadaj\u016f, Mana\u017eer kybernetick\u00e9 bezpe\u010dnosti a Auditor kybernetick\u00e9 bezpe\u010dnosti.<\/p>\n\n\n\n<p>Po dokon\u010den\u00ed studi\u00ed v \u00dastavu informa\u010dn\u00edch studi\u00ed, FF Univerzity Karlovy v Praze p\u016fsobila v rezortu Ministerstva obrany \u010cR jako datov\u00fd manager ve spr\u00e1v\u011b dat na centr\u00e1ln\u00ed \u00farovni. N\u00e1sledn\u011b pracovala jako ECM analytik a konzultant ve spole\u010dnosti SEFIRA spol. s r.o., v DCB Actuaries and Consultants s.r.o jako konzultant na spr\u00e1vu dat a ve spole\u010dnosti Inteligent Markets a.s. jako informa\u010dn\u00ed analytik. Ve spole\u010dnosti d-eye czechia, s.r.o. pracuje v roli datov\u00e9ho managera a konzultanta bezpe\u010dnosti dat v\u010detn\u011b specializace na ochranu osobn\u00edch \u00fadaj\u016f.<br>Je spoluautorkou n\u011bkolika publikac\u00ed zab\u00fdvaj\u00edc\u00edch se bezpe\u010dnost\u00ed dat a elektronick\u00fdch dokument\u016f.<\/p>\n\n\n\n<p>M\u00e1 zku\u0161enosti v prov\u00e1d\u011bn\u00ed audit\u016f kybernetick\u00e9 bezpe\u010dnosti v&nbsp;\u010cR a SK. Krom\u011b toho m\u00e1 dlouhodob\u00e9 zku\u0161enosti v&nbsp;oblasti tvorby bezpe\u010dnostn\u00ed dokumentace ke kybernetick\u00e9 a informa\u010dn\u00ed bezpe\u010dnosti a ochran\u011b osobn\u00edch \u00fadaj\u016f, v&nbsp;oblasti architektury syst\u00e9m\u016f a jejich datov\u00fdch struktur v\u010detn\u011b datov\u00fdch rozhran\u00ed, v\u00fdvoje a bezpe\u010dnosti rozs\u00e1hl\u00fdch informa\u010dn\u00edch syst\u00e9m\u016f v\u010detn\u011b syst\u00e9m\u016f nakl\u00e1daj\u00edc\u00edch s utajovan\u00fdmi informacemi a v&nbsp;oblasti zvy\u0161ov\u00e1n\u00ed \u00farovn\u011b bezpe\u010dnostn\u00edho pov\u011bdom\u00ed v&nbsp;organizaci. &nbsp;<\/p>\n\n\n\n<p>Ve sv\u00e9 praxi se pod\u00edlela na v\u00fdvoji a realizaci v\u00edce des\u00edtek projekt\u016f s celost\u00e1tn\u00ed i mezin\u00e1rodn\u00ed p\u016fsobnost\u00ed.<\/p>\n<\/div>\n<\/div>\n\n\n\n<p><\/p>\n","protected":false},"excerpt":{"rendered":"<p>Spole\u010dnost d-eye czechia, s.r.o. je dodavatelem \u0159e\u0161en\u00ed a slu\u017eeb v oblasti datov\u00e9ho managementu a bezpe\u010dnosti dat v\u010detn\u011b implementace ochrany osobn\u00edch \u00fadaj\u016f do prost\u0159ed\u00ed organizace spr\u00e1vce<\/p>\n","protected":false},"author":2,"featured_media":0,"parent":0,"menu_order":0,"comment_status":"closed","ping_status":"closed","template":"","meta":{"footnotes":""},"class_list":["post-33","page","type-page","status-publish","hentry"],"_links":{"self":[{"href":"https:\/\/www.d-eye.cz\/domains\/d-eye.cz\/wp-json\/wp\/v2\/pages\/33","targetHints":{"allow":["GET"]}}],"collection":[{"href":"https:\/\/www.d-eye.cz\/domains\/d-eye.cz\/wp-json\/wp\/v2\/pages"}],"about":[{"href":"https:\/\/www.d-eye.cz\/domains\/d-eye.cz\/wp-json\/wp\/v2\/types\/page"}],"author":[{"embeddable":true,"href":"https:\/\/www.d-eye.cz\/domains\/d-eye.cz\/wp-json\/wp\/v2\/users\/2"}],"replies":[{"embeddable":true,"href":"https:\/\/www.d-eye.cz\/domains\/d-eye.cz\/wp-json\/wp\/v2\/comments?post=33"}],"version-history":[{"count":10,"href":"https:\/\/www.d-eye.cz\/domains\/d-eye.cz\/wp-json\/wp\/v2\/pages\/33\/revisions"}],"predecessor-version":[{"id":304,"href":"https:\/\/www.d-eye.cz\/domains\/d-eye.cz\/wp-json\/wp\/v2\/pages\/33\/revisions\/304"}],"wp:attachment":[{"href":"https:\/\/www.d-eye.cz\/domains\/d-eye.cz\/wp-json\/wp\/v2\/media?parent=33"}],"curies":[{"name":"wp","href":"https:\/\/api.w.org\/{rel}","templated":true}]}}